{"id":998,"date":"2020-09-28T10:13:19","date_gmt":"2020-09-28T09:13:19","guid":{"rendered":"https:\/\/www.groupe-archimbaud.com\/histoire\/"},"modified":"2023-01-23T16:49:14","modified_gmt":"2023-01-23T15:49:14","slug":"historia","status":"publish","type":"page","link":"https:\/\/www.groupe-archimbaud.com\/es\/historia\/","title":{"rendered":"Historia"},"content":{"rendered":"\n\n\t<p>El grupo Archimbaud<\/p>\n\t\t\t\t<img decoding=\"async\" src=\"https:\/\/www.groupe-archimbaud.com\/wp-content\/uploads\/2021\/01\/histoire-archimbaud-bois.jpg\" alt=\"histoire-archimbaud-bois\" itemprop=\"image\" height=\"576\" width=\"862\" title=\"histoire-archimbaud-bois\" onerror=\"this.style.display='none'\"  \/>\n\t<p>Protagonista de referencia en la industria de la madera<\/p>\n<p>En el marco del enfoque medioambiental que ha caracterizado su desarrollo durante los \u00faltimos a\u00f1os, el Grupo Archimbaud tambi\u00e9n procesa los residuos forestales y sus derivados produciendo energ\u00eda en una <a href=\"https:\/\/www.groupe-archimbaud.com\/es\/energia\/\">planta de cogeneraci\u00f3n con biomasa<\/a>. Este compromiso, que limita su huella de carbono, permite que su actividad industrial avance hacia la neutralidad energ\u00e9tica.<\/p>\n\t<p>Tras 30 a\u00f1os de intensa transformaci\u00f3n<\/p>\n<p>La empresa familiar Archimbaud, situada actualmente en las regiones de Deux-S\u00e8vres y Landes, se ha convertido en una serrer\u00eda l\u00edder en la industria forestal y de la madera, as\u00ed como en el sector de los palets. Con la adquisici\u00f3n de la empresa Migeon en 2011 y la de Francepal a finales de 2020, el grupo tambi\u00e9n se ha consolidado como uno de los principales productores franceses de palets fabricados exclusivamente con madera francesa.<\/p>\n\t\t\t\t<img decoding=\"async\" src=\"https:\/\/www.groupe-archimbaud.com\/wp-content\/uploads\/2020\/12\/archimbaud-histoire.jpg\" alt=\"archimbaud-histoire\" itemprop=\"image\" height=\"730\" width=\"730\" title=\"archimbaud-histoire\" onerror=\"this.style.display='none'\"  \/>\n\t<p>Con su cultura familiar progresista y su voluntad de conciliar las cuestiones econ\u00f3micas, sociales y medioambientales, la empresa est\u00e1 en el umbral de una nueva transici\u00f3n. Su cesi\u00f3n a una fundaci\u00f3n -que acabar\u00e1 convirti\u00e9ndose en el accionista mayoritario del Grupo- garantiza su proyecci\u00f3n hacia un futuro sostenible que respete sus valores fundacionales: esp\u00edritu pionero, solidaridad, lealtad y sencillez.<\/p>\n\t<p>Nuestra historia a trav\u00e9s del tiempo<\/p>\n\t\t\t\t\t\t\t<p>1911<\/p>\n\t\t\t\t\t\t\t<p>La familia Archimbaud adquiere el molino harinero de Secondign\u00e9-Sur-Belle<\/p>\t\t\t\t\t\t\t\t\t\t\t\t\t\n\t\t\t\t\t\t\t<p>1938<\/p>\n\t\t\t\t\t\t\t<p>Adquisici\u00f3n de la primera sierra de mesa para el molino<\/p>\t\t\t\t\t\t\t\t\t\t\t\t\t\n\t\t\t\t\t\t\t<p>1960\u00a0<\/p>\n\t\t\t\t\t\t\t<p>Compra de la primera motosierra<\/p>\t\t\t\t\t\t\t\t\t\t\t\t\t\n\t\t\t\t\t\t\t<p>1974<\/p>\n\t\t\t\t\t\t\t<p>El aserradero corta su primera madera para palets<\/p>\t\t\t\t\t\t\t\t\t\t\t\t\t\n\t\t\t\t\t\t\t<p>1986<\/p>\n\t\t\t\t\t\t\t<p>Primer aserradero en Labouheyre<\/p>\t\t\t\t\t\t\t\t\t\t\t\t\t\n\t\t\t\t\t\t\t<p>1994<\/p>\n\t\t\t\t\t\t\t<p>Adquisici\u00f3n de \u00abLes Palettes Ari\u00e9geoises LPA\u00bb<\/p>\t\t\t\t\t\t\t\t\t\t\t\t\t\n\t\t\t\t\t\t\t<p>2008<\/p>\n\t\t\t\t\t\t\t<p>Producci\u00f3n de los primeros pellets de madera en Secondign\u00e9-sur-Belle<\/p>\t\t\t\t\t\t\t\t\t\t\t\t\t\n\t\t\t\t\t\t\t<p>2010<\/p>\n\t\t\t\t\t\t\t<p>Apertura de una unidad de fabricaci\u00f3n de pellets de madera en Labouheyre<\/p>\t\t\t\t\t\t\t\t\t\t\t\t\t\n\t\t\t\t\t\t\t<p>2011<\/p>\n\t\t\t\t\t\t\t<p>Adquisici\u00f3n del productor de palets Migeon Fr\u00e8res en Secondigny<\/p>\t\t\t\t\t\t\t\t\t\t\t\t\t\n\t\t\t\t\t\t\t<p>2014<\/p>\n\t\t\t\t\t\t\t<p>Lanzamiento de Cogeland, una planta de cogeneraci\u00f3n con biomasa en Labouheyre<\/p>\t\t\t\t\t\t\t\t\t\t\t\t\t\n\t\t\t\t\t\t\t<p>2016<\/p>\n\t\t\t\t\t\t\t<p>Apertura de un taller de fabricaci\u00f3n de palets en Dub\u00e1i<\/p>\t\t\t\t\t\t\t\t\t\t\t\t\t\n\t\t\t\t\t\t\t<p>2016<\/p>\n\t\t\t\t\t\t\t<p>Creaci\u00f3n del Fondo Archimbaud pour l&#8217;Homme et la For\u00eat (fundaci\u00f3n de accionistas)<\/p>\t\t\t\t\t\t\t\t\t\t\t\t\t\n\t\t\t\t\t\t\t<p>2018<\/p>\n\t\t\t\t\t\t\t<p>Construcci\u00f3n de una l\u00ednea de madera de gran tama\u00f1o en Secondign\u00e9-sur-Belle para el aserrado de \u00e1lamo local<\/p>\t\t\t\t\t\t\t\t\t\t\t\t\t\n\t\t\t\t\t\t\t<p>2020<\/p>\n\t\t\t\t\t\t\t<p>Lanzamiento de Archiblock, la primera unidad francesa de producci\u00f3n de tacos para pallets en madera reciclada<\/p>\t\t\t\t\t\t\t\t\t\t\t\t\t\n\t\t\t\t\t\t\t<p>2021<\/p>\n\t\t\t\t\t\t\t<p>Adquisici\u00f3n de Francepal<\/p>\t\t\t\t\t\t\t\t\t\t\t\t\t\n\n","protected":false},"excerpt":{"rendered":"<p>El grupo Archimbaud Protagonista de referencia en la industria de la madera En el marco del enfoque medioambiental que ha caracterizado su desarrollo durante los \u00faltimos a\u00f1os, el Grupo Archimbaud tambi\u00e9n procesa los residuos forestales y sus derivados produciendo energ\u00eda en una planta de cogeneraci\u00f3n con biomasa. Este compromiso, que limita su huella de carbono, [&hellip;]<\/p>\n","protected":false},"author":1,"featured_media":286,"parent":0,"menu_order":0,"comment_status":"closed","ping_status":"closed","template":"","meta":{"_acf_changed":false,"footnotes":""},"class_list":["post-998","page","type-page","status-publish","has-post-thumbnail","hentry"],"acf":[],"yoast_head":"<!-- This site is optimized with the Yoast SEO plugin v27.5 - https:\/\/yoast.com\/product\/yoast-seo-wordpress\/ -->\n<title>Historia - Archimbaud<\/title>\n<meta name=\"robots\" content=\"index, follow, max-snippet:-1, max-image-preview:large, max-video-preview:-1\" \/>\n<link rel=\"canonical\" href=\"https:\/\/www.groupe-archimbaud.com\/es\/historia\/\" \/>\n<meta property=\"og:locale\" content=\"es_ES\" \/>\n<meta property=\"og:type\" content=\"article\" \/>\n<meta property=\"og:title\" content=\"Historia - Archimbaud\" \/>\n<meta property=\"og:description\" content=\"El grupo Archimbaud Protagonista de referencia en la industria de la madera En el marco del enfoque medioambiental que ha caracterizado su desarrollo durante los \u00faltimos a\u00f1os, el Grupo Archimbaud tambi\u00e9n procesa los residuos forestales y sus derivados produciendo energ\u00eda en una planta de cogeneraci\u00f3n con biomasa. Este compromiso, que limita su huella de carbono, [&hellip;]\" \/>\n<meta property=\"og:url\" content=\"https:\/\/www.groupe-archimbaud.com\/es\/historia\/\" \/>\n<meta property=\"og:site_name\" content=\"Archimbaud\" \/>\n<meta property=\"article:modified_time\" content=\"2023-01-23T15:49:14+00:00\" \/>\n<meta property=\"og:image\" content=\"https:\/\/www.groupe-archimbaud.com\/wp-content\/uploads\/2020\/09\/bois-ressource-peinture-moulin.jpg\" \/>\n\t<meta property=\"og:image:width\" content=\"880\" \/>\n\t<meta property=\"og:image:height\" content=\"880\" \/>\n\t<meta property=\"og:image:type\" content=\"image\/jpeg\" \/>\n<meta name=\"twitter:card\" content=\"summary_large_image\" \/>\n<meta name=\"twitter:label1\" content=\"Tiempo de lectura\" \/>\n\t<meta name=\"twitter:data1\" content=\"3 minutos\" \/>\n<script type=\"application\/ld+json\" class=\"yoast-schema-graph\">{\"@context\":\"https:\\\/\\\/schema.org\",\"@graph\":[{\"@type\":\"WebPage\",\"@id\":\"https:\\\/\\\/www.groupe-archimbaud.com\\\/es\\\/historia\\\/\",\"url\":\"https:\\\/\\\/www.groupe-archimbaud.com\\\/es\\\/historia\\\/\",\"name\":\"Historia - Archimbaud\",\"isPartOf\":{\"@id\":\"https:\\\/\\\/www.groupe-archimbaud.com\\\/es\\\/#website\"},\"primaryImageOfPage\":{\"@id\":\"https:\\\/\\\/www.groupe-archimbaud.com\\\/es\\\/historia\\\/#primaryimage\"},\"image\":{\"@id\":\"https:\\\/\\\/www.groupe-archimbaud.com\\\/es\\\/historia\\\/#primaryimage\"},\"thumbnailUrl\":\"https:\\\/\\\/www.groupe-archimbaud.com\\\/wp-content\\\/uploads\\\/2020\\\/09\\\/bois-ressource-peinture-moulin.jpg\",\"datePublished\":\"2020-09-28T09:13:19+00:00\",\"dateModified\":\"2023-01-23T15:49:14+00:00\",\"breadcrumb\":{\"@id\":\"https:\\\/\\\/www.groupe-archimbaud.com\\\/es\\\/historia\\\/#breadcrumb\"},\"inLanguage\":\"es\",\"potentialAction\":[{\"@type\":\"ReadAction\",\"target\":[\"https:\\\/\\\/www.groupe-archimbaud.com\\\/es\\\/historia\\\/\"]}]},{\"@type\":\"ImageObject\",\"inLanguage\":\"es\",\"@id\":\"https:\\\/\\\/www.groupe-archimbaud.com\\\/es\\\/historia\\\/#primaryimage\",\"url\":\"https:\\\/\\\/www.groupe-archimbaud.com\\\/wp-content\\\/uploads\\\/2020\\\/09\\\/bois-ressource-peinture-moulin.jpg\",\"contentUrl\":\"https:\\\/\\\/www.groupe-archimbaud.com\\\/wp-content\\\/uploads\\\/2020\\\/09\\\/bois-ressource-peinture-moulin.jpg\",\"width\":880,\"height\":880},{\"@type\":\"BreadcrumbList\",\"@id\":\"https:\\\/\\\/www.groupe-archimbaud.com\\\/es\\\/historia\\\/#breadcrumb\",\"itemListElement\":[{\"@type\":\"ListItem\",\"position\":1,\"name\":\"Accueil\",\"item\":\"https:\\\/\\\/www.groupe-archimbaud.com\\\/es\\\/\"},{\"@type\":\"ListItem\",\"position\":2,\"name\":\"Historia\"}]},{\"@type\":\"WebSite\",\"@id\":\"https:\\\/\\\/www.groupe-archimbaud.com\\\/es\\\/#website\",\"url\":\"https:\\\/\\\/www.groupe-archimbaud.com\\\/es\\\/\",\"name\":\"Archimbaud\",\"description\":\"\",\"potentialAction\":[{\"@type\":\"SearchAction\",\"target\":{\"@type\":\"EntryPoint\",\"urlTemplate\":\"https:\\\/\\\/www.groupe-archimbaud.com\\\/es\\\/?s={search_term_string}\"},\"query-input\":{\"@type\":\"PropertyValueSpecification\",\"valueRequired\":true,\"valueName\":\"search_term_string\"}}],\"inLanguage\":\"es\"}]}<\/script>\n<!-- \/ Yoast SEO plugin. -->","yoast_head_json":{"title":"Historia - Archimbaud","robots":{"index":"index","follow":"follow","max-snippet":"max-snippet:-1","max-image-preview":"max-image-preview:large","max-video-preview":"max-video-preview:-1"},"canonical":"https:\/\/www.groupe-archimbaud.com\/es\/historia\/","og_locale":"es_ES","og_type":"article","og_title":"Historia - Archimbaud","og_description":"El grupo Archimbaud Protagonista de referencia en la industria de la madera En el marco del enfoque medioambiental que ha caracterizado su desarrollo durante los \u00faltimos a\u00f1os, el Grupo Archimbaud tambi\u00e9n procesa los residuos forestales y sus derivados produciendo energ\u00eda en una planta de cogeneraci\u00f3n con biomasa. Este compromiso, que limita su huella de carbono, [&hellip;]","og_url":"https:\/\/www.groupe-archimbaud.com\/es\/historia\/","og_site_name":"Archimbaud","article_modified_time":"2023-01-23T15:49:14+00:00","og_image":[{"width":880,"height":880,"url":"https:\/\/www.groupe-archimbaud.com\/wp-content\/uploads\/2020\/09\/bois-ressource-peinture-moulin.jpg","type":"image\/jpeg"}],"twitter_card":"summary_large_image","twitter_misc":{"Tiempo de lectura":"3 minutos"},"schema":{"@context":"https:\/\/schema.org","@graph":[{"@type":"WebPage","@id":"https:\/\/www.groupe-archimbaud.com\/es\/historia\/","url":"https:\/\/www.groupe-archimbaud.com\/es\/historia\/","name":"Historia - Archimbaud","isPartOf":{"@id":"https:\/\/www.groupe-archimbaud.com\/es\/#website"},"primaryImageOfPage":{"@id":"https:\/\/www.groupe-archimbaud.com\/es\/historia\/#primaryimage"},"image":{"@id":"https:\/\/www.groupe-archimbaud.com\/es\/historia\/#primaryimage"},"thumbnailUrl":"https:\/\/www.groupe-archimbaud.com\/wp-content\/uploads\/2020\/09\/bois-ressource-peinture-moulin.jpg","datePublished":"2020-09-28T09:13:19+00:00","dateModified":"2023-01-23T15:49:14+00:00","breadcrumb":{"@id":"https:\/\/www.groupe-archimbaud.com\/es\/historia\/#breadcrumb"},"inLanguage":"es","potentialAction":[{"@type":"ReadAction","target":["https:\/\/www.groupe-archimbaud.com\/es\/historia\/"]}]},{"@type":"ImageObject","inLanguage":"es","@id":"https:\/\/www.groupe-archimbaud.com\/es\/historia\/#primaryimage","url":"https:\/\/www.groupe-archimbaud.com\/wp-content\/uploads\/2020\/09\/bois-ressource-peinture-moulin.jpg","contentUrl":"https:\/\/www.groupe-archimbaud.com\/wp-content\/uploads\/2020\/09\/bois-ressource-peinture-moulin.jpg","width":880,"height":880},{"@type":"BreadcrumbList","@id":"https:\/\/www.groupe-archimbaud.com\/es\/historia\/#breadcrumb","itemListElement":[{"@type":"ListItem","position":1,"name":"Accueil","item":"https:\/\/www.groupe-archimbaud.com\/es\/"},{"@type":"ListItem","position":2,"name":"Historia"}]},{"@type":"WebSite","@id":"https:\/\/www.groupe-archimbaud.com\/es\/#website","url":"https:\/\/www.groupe-archimbaud.com\/es\/","name":"Archimbaud","description":"","potentialAction":[{"@type":"SearchAction","target":{"@type":"EntryPoint","urlTemplate":"https:\/\/www.groupe-archimbaud.com\/es\/?s={search_term_string}"},"query-input":{"@type":"PropertyValueSpecification","valueRequired":true,"valueName":"search_term_string"}}],"inLanguage":"es"}]}},"_links":{"self":[{"href":"https:\/\/www.groupe-archimbaud.com\/es\/wp-json\/wp\/v2\/pages\/998","targetHints":{"allow":["GET"]}}],"collection":[{"href":"https:\/\/www.groupe-archimbaud.com\/es\/wp-json\/wp\/v2\/pages"}],"about":[{"href":"https:\/\/www.groupe-archimbaud.com\/es\/wp-json\/wp\/v2\/types\/page"}],"author":[{"embeddable":true,"href":"https:\/\/www.groupe-archimbaud.com\/es\/wp-json\/wp\/v2\/users\/1"}],"replies":[{"embeddable":true,"href":"https:\/\/www.groupe-archimbaud.com\/es\/wp-json\/wp\/v2\/comments?post=998"}],"version-history":[{"count":4,"href":"https:\/\/www.groupe-archimbaud.com\/es\/wp-json\/wp\/v2\/pages\/998\/revisions"}],"predecessor-version":[{"id":2341,"href":"https:\/\/www.groupe-archimbaud.com\/es\/wp-json\/wp\/v2\/pages\/998\/revisions\/2341"}],"wp:featuredmedia":[{"embeddable":true,"href":"https:\/\/www.groupe-archimbaud.com\/es\/wp-json\/wp\/v2\/media\/286"}],"wp:attachment":[{"href":"https:\/\/www.groupe-archimbaud.com\/es\/wp-json\/wp\/v2\/media?parent=998"}],"curies":[{"name":"wp","href":"https:\/\/api.w.org\/{rel}","templated":true}]}}